{"id":10,"date":"2024-12-24T07:48:17","date_gmt":"2024-12-24T07:48:17","guid":{"rendered":"https:\/\/regiopflegedienst-klaus-klee.medarbeiter-website-entwurf.de\/?page_id=10"},"modified":"2026-04-30T09:24:23","modified_gmt":"2026-04-30T09:24:23","slug":"regiopflegedienst-klaus-klee-ambulante-pflege-aus-muellheim","status":"publish","type":"page","link":"https:\/\/www.pflegedienst-klee.de\/","title":{"rendered":"RegioPflegedienst Klaus Klee"},"content":{"rendered":"\t\t<div data-elementor-type=\"wp-page\" data-elementor-id=\"10\" class=\"elementor elementor-10\" data-elementor-post-type=\"page\">\n\t\t\t\t<div class=\"elementor-element elementor-element-46f28e9e e-flex e-con-boxed e-con e-parent\" data-id=\"46f28e9e\" data-element_type=\"container\" data-e-type=\"container\" data-settings=\"{&quot;background_background&quot;:&quot;slideshow&quot;,&quot;background_slideshow_gallery&quot;:[{&quot;id&quot;:1131,&quot;url&quot;:&quot;https:\\\/\\\/www.pflegedienst-klee.de\\\/wp-content\\\/uploads\\\/2025\\\/12\\\/002-scaled.jpg&quot;},{&quot;id&quot;:1133,&quot;url&quot;:&quot;https:\\\/\\\/www.pflegedienst-klee.de\\\/wp-content\\\/uploads\\\/2025\\\/12\\\/026-scaled.jpg&quot;},{&quot;id&quot;:1134,&quot;url&quot;:&quot;https:\\\/\\\/www.pflegedienst-klee.de\\\/wp-content\\\/uploads\\\/2025\\\/12\\\/093-scaled.jpg&quot;},{&quot;id&quot;:1136,&quot;url&quot;:&quot;https:\\\/\\\/www.pflegedienst-klee.de\\\/wp-content\\\/uploads\\\/2025\\\/12\\\/074-scaled.jpg&quot;}],&quot;background_slideshow_ken_burns&quot;:&quot;yes&quot;,&quot;shape_divider_bottom&quot;:&quot;opacity-tilt&quot;,&quot;background_slideshow_loop&quot;:&quot;yes&quot;,&quot;background_slideshow_slide_duration&quot;:5000,&quot;background_slideshow_slide_transition&quot;:&quot;fade&quot;,&quot;background_slideshow_transition_duration&quot;:500,&quot;background_slideshow_ken_burns_zoom_direction&quot;:&quot;in&quot;}\">\n\t\t\t\t\t<div class=\"e-con-inner\">\n\t\t\t\t<div class=\"elementor-shape elementor-shape-bottom\" aria-hidden=\"true\" data-negative=\"false\">\n\t\t\t<svg xmlns=\"http:\/\/www.w3.org\/2000\/svg\" viewBox=\"0 0 2600 131.1\" preserveAspectRatio=\"none\">\n\t<path class=\"elementor-shape-fill\" d=\"M0 0L2600 0 2600 69.1 0 0z\"\/>\n\t<path class=\"elementor-shape-fill\" style=\"opacity:0.5\" d=\"M0 0L2600 0 2600 69.1 0 69.1z\"\/>\n\t<path class=\"elementor-shape-fill\" style=\"opacity:0.25\" d=\"M2600 0L0 0 0 130.1 2600 69.1z\"\/>\n<\/svg>\t\t<\/div>\n\t\t<div class=\"elementor-element elementor-element-2b96b062 e-con-full e-flex e-con e-child\" data-id=\"2b96b062\" data-element_type=\"container\" data-e-type=\"container\">\n\t\t\t\t<div class=\"elementor-element elementor-element-c73db82 elementor-widget elementor-widget-heading\" data-id=\"c73db82\" data-element_type=\"widget\" data-e-type=\"widget\" data-widget_type=\"heading.default\">\n\t\t\t\t\t<h2 class=\"elementor-heading-title elementor-size-default\"><a href=\"#\">RegioPflegedienst Klaus Klee \u2013 ambulante Pflege aus M\u00fcllheim<\/a><\/h2>\t\t\t\t<\/div>\n\t\t\t\t<div class=\"elementor-element elementor-element-15c1655a elementor-hidden-tablet elementor-hidden-mobile elementor-widget elementor-widget-jkit_heading\" data-id=\"15c1655a\" data-element_type=\"widget\" data-e-type=\"widget\" data-widget_type=\"jkit_heading.default\">\n\t\t\t\t\t<div  class=\"jeg-elementor-kit jkit-heading  align-left align-tablet- align-mobile- jeg_module___69f3316dbd2e9\" ><div class=\"heading-section-title  display-inline-block\"><h1 class=\"heading-title\">Der <span class=\"style-color\"><span> Mensch<\/span><\/span> steht im Mittelpunkt<\/h1><\/div><\/div>\t\t\t\t<\/div>\n\t\t\t\t<div class=\"elementor-element elementor-element-ab1ac8f elementor-hidden-desktop elementor-widget elementor-widget-jkit_heading\" data-id=\"ab1ac8f\" data-element_type=\"widget\" data-e-type=\"widget\" data-widget_type=\"jkit_heading.default\">\n\t\t\t\t\t<div  class=\"jeg-elementor-kit jkit-heading  align-left align-tablet- align-mobile- jeg_module__1_69f3316dbdf67\" ><div class=\"heading-section-title  display-inline-block\"><h1 class=\"heading-title\">Der <span class=\"style-color\"><span> Mensch<\/span><\/span> steht im Mittelpunkt<\/h1><\/div><\/div>\t\t\t\t<\/div>\n\t\t\t\t<\/div>\n\t\t<div class=\"elementor-element elementor-element-484fdad7 e-flex e-con-boxed e-con e-child\" data-id=\"484fdad7\" data-element_type=\"container\" data-e-type=\"container\">\n\t\t\t\t\t<div class=\"e-con-inner\">\n\t\t<div class=\"elementor-element elementor-element-4e1b9331 e-con-full e-flex e-con e-child\" data-id=\"4e1b9331\" data-element_type=\"container\" data-e-type=\"container\">\n\t\t\t\t<div class=\"elementor-element elementor-element-186374e2 elementor-widget elementor-widget-text-editor\" data-id=\"186374e2\" data-element_type=\"widget\" data-e-type=\"widget\" data-widget_type=\"text-editor.default\">\n\t\t\t\t\t\t\t\t\t<div class=\"elementor-element elementor-element-72305e4 elementor-widget__width-initial elementor-widget elementor-widget-text-editor\" data-id=\"72305e4\" data-element_type=\"widget\" data-widget_type=\"text-editor.default\"><p data-start=\"138\" data-end=\"562\"><strong data-start=\"138\" data-end=\"295\">Seit 2005 ist der RegioPflegedienst Klaus Klee eine vertrauensw\u00fcrdige Anlaufstelle f\u00fcr ambulante Pflege in der Region Markgr\u00e4flerland und dar\u00fcber hinaus.<\/strong><\/p><p>Wir betreuen Menschen in Gemeinden wie Schliengen, Auggen, M\u00fcllheim, Neuenburg, Freiburg und weiteren Orten \u2013 sowohl im Rahmen der <strong data-start=\"429\" data-end=\"471\">ambulanten Pflege im h\u00e4uslichen Umfeld<\/strong> als auch durch die <strong data-start=\"491\" data-end=\"559\" data-is-only-node=\"\">intensive Betreuung in Pflegewohngemeinschaften und spezialisierten Demenz-WG `s.<\/strong><\/p><\/div>\t\t\t\t\t\t\t\t<\/div>\n\t\t\t\t<\/div>\n\t\t<div class=\"elementor-element elementor-element-5bf7d743 e-con-full e-flex e-con e-child\" data-id=\"5bf7d743\" data-element_type=\"container\" data-e-type=\"container\">\n\t\t\t\t<div class=\"elementor-element elementor-element-3d831838 e-transform elementor-widget elementor-widget-jkit_button\" data-id=\"3d831838\" data-element_type=\"widget\" data-e-type=\"widget\" data-settings=\"{&quot;_transform_scale_effect_hover&quot;:{&quot;unit&quot;:&quot;px&quot;,&quot;size&quot;:&quot;0.9&quot;,&quot;sizes&quot;:[]},&quot;_transform_scale_effect_hover_tablet&quot;:{&quot;unit&quot;:&quot;px&quot;,&quot;size&quot;:&quot;&quot;,&quot;sizes&quot;:[]},&quot;_transform_scale_effect_hover_mobile&quot;:{&quot;unit&quot;:&quot;px&quot;,&quot;size&quot;:&quot;&quot;,&quot;sizes&quot;:[]}}\" data-widget_type=\"jkit_button.default\">\n\t\t\t\t\t<div  class=\"jeg-elementor-kit jkit-button  icon-position-after jeg_module__2_69f3316dc04f5\" ><a href=\"https:\/\/www.pflegedienst-klee.de\/karriere\" class=\"jkit-button-wrapper\">Stellenangebote<i aria-hidden=\"true\" class=\"jki jki-right-arrow2-light\"><\/i><\/a><\/div>\t\t\t\t<\/div>\n\t\t\t\t<div class=\"elementor-element elementor-element-f0cf672 e-transform elementor-hidden-desktop elementor-hidden-tablet elementor-widget elementor-widget-jkit_button\" data-id=\"f0cf672\" data-element_type=\"widget\" data-e-type=\"widget\" data-settings=\"{&quot;_transform_scale_effect_hover&quot;:{&quot;unit&quot;:&quot;px&quot;,&quot;size&quot;:&quot;0.9&quot;,&quot;sizes&quot;:[]},&quot;_transform_scale_effect_hover_tablet&quot;:{&quot;unit&quot;:&quot;px&quot;,&quot;size&quot;:&quot;&quot;,&quot;sizes&quot;:[]},&quot;_transform_scale_effect_hover_mobile&quot;:{&quot;unit&quot;:&quot;px&quot;,&quot;size&quot;:&quot;&quot;,&quot;sizes&quot;:[]}}\" data-widget_type=\"jkit_button.default\">\n\t\t\t\t\t<div  class=\"jeg-elementor-kit jkit-button  icon-position-after jeg_module__3_69f3316dc14cf\" ><a href=\"https:\/\/www.pflegedienst-klee.de\/kontakt\" class=\"jkit-button-wrapper\">Kontakt<i aria-hidden=\"true\" class=\"jki jki-right-arrow2-light\"><\/i><\/a><\/div>\t\t\t\t<\/div>\n\t\t\t\t<\/div>\n\t\t\t\t\t<\/div>\n\t\t\t\t<\/div>\n\t\t\t\t\t<\/div>\n\t\t\t\t<\/div>\n\t\t<div class=\"elementor-element elementor-element-516f4ccf e-flex e-con-boxed e-con e-parent\" data-id=\"516f4ccf\" data-element_type=\"container\" data-e-type=\"container\" data-settings=\"{&quot;background_background&quot;:&quot;classic&quot;}\">\n\t\t\t\t\t<div class=\"e-con-inner\">\n\t\t<div class=\"elementor-element elementor-element-75930fdf e-con-full e-flex e-con e-child\" data-id=\"75930fdf\" data-element_type=\"container\" data-e-type=\"container\">\n\t\t<div class=\"elementor-element elementor-element-156506f5 e-con-full e-flex e-con e-child\" data-id=\"156506f5\" data-element_type=\"container\" data-e-type=\"container\">\n\t\t\t\t<div class=\"elementor-element elementor-element-53054fee elementor-hidden-tablet elementor-hidden-mobile elementor-widget elementor-widget-jkit_heading\" data-id=\"53054fee\" data-element_type=\"widget\" data-e-type=\"widget\" data-widget_type=\"jkit_heading.default\">\n\t\t\t\t\t<div  class=\"jeg-elementor-kit jkit-heading  align-left align-tablet- align-mobile- jeg_module__4_69f3316dc2110\" ><div class=\"heading-section-title  display-inline-block\"><h2 class=\"heading-title\">Qualitative Pflege in der<span class=\"style-color\"><span>Region Markgr\u00e4flerland\u00a0<\/span><\/span><\/h2><\/div><\/div>\t\t\t\t<\/div>\n\t\t\t\t<div class=\"elementor-element elementor-element-a47b1d5 elementor-hidden-desktop elementor-widget elementor-widget-jkit_heading\" data-id=\"a47b1d5\" data-element_type=\"widget\" data-e-type=\"widget\" data-widget_type=\"jkit_heading.default\">\n\t\t\t\t\t<div  class=\"jeg-elementor-kit jkit-heading  align-left align-tablet- align-mobile- jeg_module__5_69f3316dc2dc2\" ><div class=\"heading-section-title  display-inline-block\"><h2 class=\"heading-title\">Qualitative Pflege in der<span class=\"style-color\"><span>Region Markgr\u00e4flerland\u00a0<\/span><\/span><\/h2><\/div><\/div>\t\t\t\t<\/div>\n\t\t\t\t<\/div>\n\t\t<div class=\"elementor-element elementor-element-55038b87 e-con-full e-flex e-con e-child\" data-id=\"55038b87\" data-element_type=\"container\" data-e-type=\"container\" data-settings=\"{&quot;background_background&quot;:&quot;classic&quot;}\">\n\t\t\t\t<div class=\"elementor-element elementor-element-108bbb92 elementor-widget elementor-widget-spacer\" data-id=\"108bbb92\" data-element_type=\"widget\" data-e-type=\"widget\" data-widget_type=\"spacer.default\">\n\t\t\t\t\t\t\t<div class=\"elementor-spacer\">\n\t\t\t<div class=\"elementor-spacer-inner\"><\/div>\n\t\t<\/div>\n\t\t\t\t\t\t<\/div>\n\t\t\t\t<\/div>\n\t\t\t\t<\/div>\n\t\t<div class=\"elementor-element elementor-element-4a059fa4 e-con-full e-flex e-con e-child\" data-id=\"4a059fa4\" data-element_type=\"container\" data-e-type=\"container\">\n\t\t\t\t<div class=\"elementor-element elementor-element-2d561e8 elementor-widget elementor-widget-heading\" data-id=\"2d561e8\" data-element_type=\"widget\" data-e-type=\"widget\" data-widget_type=\"heading.default\">\n\t\t\t\t\t<h2 class=\"elementor-heading-title elementor-size-default\">RegioPflegedienst Klaus Klee \u2013 ambulante Pflege aus M\u00fcllheim<\/h2>\t\t\t\t<\/div>\n\t\t<div class=\"elementor-element elementor-element-34189457 e-con-full e-flex e-con e-child\" data-id=\"34189457\" data-element_type=\"container\" data-e-type=\"container\">\n\t\t<div class=\"elementor-element elementor-element-f94b049 e-con-full e-flex e-con e-child\" data-id=\"f94b049\" data-element_type=\"container\" data-e-type=\"container\" data-settings=\"{&quot;background_background&quot;:&quot;classic&quot;}\">\n\t\t\t\t<div class=\"elementor-element elementor-element-71bef1a5 elementor-widget elementor-widget-spacer\" data-id=\"71bef1a5\" data-element_type=\"widget\" data-e-type=\"widget\" data-widget_type=\"spacer.default\">\n\t\t\t\t\t\t\t<div class=\"elementor-spacer\">\n\t\t\t<div class=\"elementor-spacer-inner\"><\/div>\n\t\t<\/div>\n\t\t\t\t\t\t<\/div>\n\t\t\t\t<\/div>\n\t\t<div class=\"elementor-element elementor-element-4bedc86e e-con-full e-flex e-con e-child\" data-id=\"4bedc86e\" data-element_type=\"container\" data-e-type=\"container\" data-settings=\"{&quot;background_background&quot;:&quot;classic&quot;}\">\n\t\t\t\t<div class=\"elementor-element elementor-element-4816641a elementor-widget elementor-widget-spacer\" data-id=\"4816641a\" data-element_type=\"widget\" data-e-type=\"widget\" data-widget_type=\"spacer.default\">\n\t\t\t\t\t\t\t<div class=\"elementor-spacer\">\n\t\t\t<div class=\"elementor-spacer-inner\"><\/div>\n\t\t<\/div>\n\t\t\t\t\t\t<\/div>\n\t\t\t\t<\/div>\n\t\t\t\t<\/div>\n\t\t<div class=\"elementor-element elementor-element-2a246de0 e-con-full e-flex e-con e-child\" data-id=\"2a246de0\" data-element_type=\"container\" data-e-type=\"container\">\n\t\t\t\t<div class=\"elementor-element elementor-element-75f382d5 elementor-widget elementor-widget-text-editor\" data-id=\"75f382d5\" data-element_type=\"widget\" data-e-type=\"widget\" data-widget_type=\"text-editor.default\">\n\t\t\t\t\t\t\t\t\t<p><strong>Wir vom RegioPflegedienst Klaus Klee \u2013 Ihr Partner f\u00fcr ambulante Pflege und Demenz-Wohngemeinschaften im Markgr\u00e4flerland<\/strong><\/p><p data-start=\"202\" data-end=\"492\">Seit 2005 setzen wir uns daf\u00fcr ein, pflegebed\u00fcrftigen Menschen ein Leben in W\u00fcrde, Sicherheit und gr\u00f6\u00dftm\u00f6glicher Selbstbestimmung zu erm\u00f6glichen. Unser Fokus liegt auf der <strong data-start=\"374\" data-end=\"416\">ambulanten Pflege im h\u00e4uslichen Umfeld<\/strong> sowie der liebevollen Betreuung in unseren <strong data-start=\"460\" data-end=\"489\">Demenz-Wohngemeinschaften<\/strong>.<\/p><p data-start=\"494\" data-end=\"664\">Mit einem Team aus \u00fcber 100 Mitarbeitenden bieten wir individuelle, fachlich fundierte und menschlich zugewandte Pflege \u2013 flexibel, alltagsnah und verl\u00e4sslich.<\/p>\t\t\t\t\t\t\t\t<\/div>\n\t\t\t\t<div class=\"elementor-element elementor-element-6c828e39 e-transform elementor-widget elementor-widget-jkit_button\" data-id=\"6c828e39\" data-element_type=\"widget\" data-e-type=\"widget\" data-settings=\"{&quot;_transform_scale_effect_hover&quot;:{&quot;unit&quot;:&quot;px&quot;,&quot;size&quot;:&quot;0.9&quot;,&quot;sizes&quot;:[]},&quot;_transform_scale_effect_hover_tablet&quot;:{&quot;unit&quot;:&quot;px&quot;,&quot;size&quot;:&quot;&quot;,&quot;sizes&quot;:[]},&quot;_transform_scale_effect_hover_mobile&quot;:{&quot;unit&quot;:&quot;px&quot;,&quot;size&quot;:&quot;&quot;,&quot;sizes&quot;:[]}}\" data-widget_type=\"jkit_button.default\">\n\t\t\t\t\t<div  class=\"jeg-elementor-kit jkit-button  icon-position-after jeg_module__6_69f3316dc3de6\" ><a href=\"https:\/\/www.pflegedienst-klee.de\/ueber-uns\" class=\"jkit-button-wrapper\">Mehr \u00fcber uns erfahren<i aria-hidden=\"true\" class=\"jki jki-right-arrow2-light\"><\/i><\/a><\/div>\t\t\t\t<\/div>\n\t\t\t\t<\/div>\n\t\t\t\t<\/div>\n\t\t\t\t\t<\/div>\n\t\t\t\t<\/div>\n\t\t<div class=\"elementor-element elementor-element-17d6d9ae e-flex e-con-boxed e-con e-parent\" data-id=\"17d6d9ae\" data-element_type=\"container\" data-e-type=\"container\" data-settings=\"{&quot;background_background&quot;:&quot;classic&quot;,&quot;shape_divider_top&quot;:&quot;arrow&quot;,&quot;shape_divider_bottom&quot;:&quot;opacity-tilt&quot;}\">\n\t\t\t\t\t<div class=\"e-con-inner\">\n\t\t\t\t<div class=\"elementor-shape elementor-shape-top\" aria-hidden=\"true\" data-negative=\"false\">\n\t\t\t<svg xmlns=\"http:\/\/www.w3.org\/2000\/svg\" viewBox=\"0 0 700 10\" preserveAspectRatio=\"none\">\n\t<path class=\"elementor-shape-fill\" d=\"M350,10L340,0h20L350,10z\"\/>\n<\/svg>\t\t<\/div>\n\t\t\t\t<div class=\"elementor-shape elementor-shape-bottom\" aria-hidden=\"true\" data-negative=\"false\">\n\t\t\t<svg xmlns=\"http:\/\/www.w3.org\/2000\/svg\" viewBox=\"0 0 2600 131.1\" preserveAspectRatio=\"none\">\n\t<path class=\"elementor-shape-fill\" d=\"M0 0L2600 0 2600 69.1 0 0z\"\/>\n\t<path class=\"elementor-shape-fill\" style=\"opacity:0.5\" d=\"M0 0L2600 0 2600 69.1 0 69.1z\"\/>\n\t<path class=\"elementor-shape-fill\" style=\"opacity:0.25\" d=\"M2600 0L0 0 0 130.1 2600 69.1z\"\/>\n<\/svg>\t\t<\/div>\n\t\t<div class=\"elementor-element elementor-element-6ef50a80 e-flex e-con-boxed e-con e-child\" data-id=\"6ef50a80\" data-element_type=\"container\" data-e-type=\"container\">\n\t\t\t\t\t<div class=\"e-con-inner\">\n\t\t\t\t<div class=\"elementor-element elementor-element-697ac61 elementor-hidden-tablet elementor-hidden-mobile elementor-widget elementor-widget-jkit_heading\" data-id=\"697ac61\" data-element_type=\"widget\" data-e-type=\"widget\" data-widget_type=\"jkit_heading.default\">\n\t\t\t\t\t<div  class=\"jeg-elementor-kit jkit-heading  align-center align-tablet- align-mobile- jeg_module__7_69f3316dc4938\" ><div class=\"heading-section-title  display-inline-block\"><h2 class=\"heading-title\">Unsere Leistungen f\u00fcrs Alter auf einen <span class=\"style-color\"><span>Blick<\/span><\/span><\/h2><\/div><\/div>\t\t\t\t<\/div>\n\t\t\t\t<div class=\"elementor-element elementor-element-42e2e84 elementor-widget elementor-widget-jkit_heading\" data-id=\"42e2e84\" data-element_type=\"widget\" data-e-type=\"widget\" data-widget_type=\"jkit_heading.default\">\n\t\t\t\t\t<div  class=\"jeg-elementor-kit jkit-heading  align-center align-tablet- align-mobile- jeg_module__8_69f3316dc5506\" ><div class=\"heading-section-title  display-inline-block\"><h2 class=\"heading-title\">Unsere Leistungen f\u00fcrs Alter auf einen <span class=\"style-color\"><span>Blick<\/span><\/span><\/h2><\/div><\/div>\t\t\t\t<\/div>\n\t\t\t\t<div class=\"elementor-element elementor-element-109554b elementor-widget elementor-widget-heading\" data-id=\"109554b\" data-element_type=\"widget\" data-e-type=\"widget\" data-widget_type=\"heading.default\">\n\t\t\t\t\t<h3 class=\"elementor-heading-title elementor-size-default\">Was wir Ihnen bieten in der\u00a0Region Markgr\u00e4flerland\u00a0und dar\u00fcber hinaus<\/h3>\t\t\t\t<\/div>\n\t\t\t\t\t<\/div>\n\t\t\t\t<\/div>\n\t\t<div class=\"elementor-element elementor-element-41d62478 e-flex e-con-boxed e-con e-child\" data-id=\"41d62478\" data-element_type=\"container\" data-e-type=\"container\">\n\t\t\t\t\t<div class=\"e-con-inner\">\n\t\t<div class=\"elementor-element elementor-element-681614ea e-con-full e-flex e-con e-child\" data-id=\"681614ea\" data-element_type=\"container\" data-e-type=\"container\">\n\t\t<div class=\"elementor-element elementor-element-62e6910 e-con-full e-flex e-con e-child\" data-id=\"62e6910\" data-element_type=\"container\" data-e-type=\"container\" data-settings=\"{&quot;background_background&quot;:&quot;classic&quot;}\">\n\t\t<div class=\"elementor-element elementor-element-619dc283 e-con-full e-flex e-con e-child\" data-id=\"619dc283\" data-element_type=\"container\" data-e-type=\"container\" data-settings=\"{&quot;background_background&quot;:&quot;gradient&quot;}\">\n\t\t\t\t<div class=\"elementor-element elementor-element-1b8531a3 elementor-widget elementor-widget-spacer\" data-id=\"1b8531a3\" data-element_type=\"widget\" data-e-type=\"widget\" data-widget_type=\"spacer.default\">\n\t\t\t\t\t\t\t<div class=\"elementor-spacer\">\n\t\t\t<div class=\"elementor-spacer-inner\"><\/div>\n\t\t<\/div>\n\t\t\t\t\t\t<\/div>\n\t\t\t\t<\/div>\n\t\t<div class=\"elementor-element elementor-element-55337e91 e-con-full e-flex e-con e-child\" data-id=\"55337e91\" data-element_type=\"container\" data-e-type=\"container\">\n\t\t<div class=\"elementor-element elementor-element-3f5034c9 e-con-full e-flex e-con e-child\" data-id=\"3f5034c9\" data-element_type=\"container\" data-e-type=\"container\">\n\t\t\t\t<div class=\"elementor-element elementor-element-36a7de51 jkit-equal-height-disable elementor-widget elementor-widget-jkit_icon_box\" data-id=\"36a7de51\" data-element_type=\"widget\" data-e-type=\"widget\" data-widget_type=\"jkit_icon_box.default\">\n\t\t\t\t\t<div  class=\"jeg-elementor-kit jkit-icon-box icon-position- elementor-animation- jeg_module__9_69f3316dc8bed\" ><div class=\"jkit-icon-box-wrapper hover-from-left\"><div class=\"icon-box icon-box-body\">\n                <h2 class=\"title\">Behandlungspflege<\/h2><p class=\"icon-box-description\">Wenn Sie Behandlungspflege nach \u00a7 37 SGB V ben\u00f6tigen, stehen wir Ihnen selbstverst\u00e4ndlich zur Seite. <\/p>\n            <\/div>\n            \n            <\/div><\/div>\t\t\t\t<\/div>\n\t\t\t\t<\/div>\n\t\t<div class=\"elementor-element elementor-element-2a4462 e-con-full e-flex e-con e-child\" data-id=\"2a4462\" data-element_type=\"container\" data-e-type=\"container\">\n\t\t\t\t<div class=\"elementor-element elementor-element-31ea1ab3 e-transform elementor-widget elementor-widget-jkit_button\" data-id=\"31ea1ab3\" data-element_type=\"widget\" data-e-type=\"widget\" data-settings=\"{&quot;_transform_scale_effect_hover&quot;:{&quot;unit&quot;:&quot;px&quot;,&quot;size&quot;:&quot;0.9&quot;,&quot;sizes&quot;:[]},&quot;_transform_scale_effect_hover_tablet&quot;:{&quot;unit&quot;:&quot;px&quot;,&quot;size&quot;:&quot;&quot;,&quot;sizes&quot;:[]},&quot;_transform_scale_effect_hover_mobile&quot;:{&quot;unit&quot;:&quot;px&quot;,&quot;size&quot;:&quot;&quot;,&quot;sizes&quot;:[]}}\" data-widget_type=\"jkit_button.default\">\n\t\t\t\t\t<div  class=\"jeg-elementor-kit jkit-button  icon-position-after jeg_module__10_69f3316dc95a4\" ><a href=\"\/ambulante-pflege#behandlungspflege\" class=\"jkit-button-wrapper\"><i aria-hidden=\"true\" class=\"jki jki-right-arrow-12\"><\/i><\/a><\/div>\t\t\t\t<\/div>\n\t\t\t\t<\/div>\n\t\t\t\t<\/div>\n\t\t\t\t<\/div>\n\t\t<div class=\"elementor-element elementor-element-3b82ce43 e-con-full e-flex e-con e-child\" data-id=\"3b82ce43\" data-element_type=\"container\" data-e-type=\"container\" data-settings=\"{&quot;background_background&quot;:&quot;classic&quot;}\">\n\t\t<div class=\"elementor-element elementor-element-6b0cdaf2 e-con-full e-flex e-con e-child\" data-id=\"6b0cdaf2\" data-element_type=\"container\" data-e-type=\"container\">\n\t\t\t\t<div class=\"elementor-element elementor-element-33fb6e1a elementor-widget elementor-widget-spacer\" data-id=\"33fb6e1a\" data-element_type=\"widget\" data-e-type=\"widget\" data-widget_type=\"spacer.default\">\n\t\t\t\t\t\t\t<div class=\"elementor-spacer\">\n\t\t\t<div class=\"elementor-spacer-inner\"><\/div>\n\t\t<\/div>\n\t\t\t\t\t\t<\/div>\n\t\t\t\t<\/div>\n\t\t<div class=\"elementor-element elementor-element-9d53239 e-con-full e-flex e-con e-child\" data-id=\"9d53239\" data-element_type=\"container\" data-e-type=\"container\">\n\t\t<div class=\"elementor-element elementor-element-843e2ff e-con-full e-flex e-con e-child\" data-id=\"843e2ff\" data-element_type=\"container\" data-e-type=\"container\">\n\t\t\t\t<div class=\"elementor-element elementor-element-23cc439 jkit-equal-height-disable elementor-widget elementor-widget-jkit_icon_box\" data-id=\"23cc439\" data-element_type=\"widget\" data-e-type=\"widget\" data-widget_type=\"jkit_icon_box.default\">\n\t\t\t\t\t<div  class=\"jeg-elementor-kit jkit-icon-box icon-position- elementor-animation- jeg_module__11_69f3316dca2b4\" ><div class=\"jkit-icon-box-wrapper hover-from-left\"><div class=\"icon-box icon-box-body\">\n                <h2 class=\"title\">Grundpflege<\/h2><p class=\"icon-box-description\">Wir unterst\u00fctzen Sie in der Bew\u00e4ltigung Ihrer allt\u00e4glichen Aktivit\u00e4ten.<\/p>\n            <\/div>\n            \n            <\/div><\/div>\t\t\t\t<\/div>\n\t\t\t\t<\/div>\n\t\t<div class=\"elementor-element elementor-element-87d2723 e-con-full e-flex e-con e-child\" data-id=\"87d2723\" data-element_type=\"container\" data-e-type=\"container\">\n\t\t\t\t<div class=\"elementor-element elementor-element-1ce7fd6 e-transform elementor-widget elementor-widget-jkit_button\" data-id=\"1ce7fd6\" data-element_type=\"widget\" data-e-type=\"widget\" data-settings=\"{&quot;_transform_scale_effect_hover&quot;:{&quot;unit&quot;:&quot;px&quot;,&quot;size&quot;:&quot;0.9&quot;,&quot;sizes&quot;:[]},&quot;_transform_scale_effect_hover_tablet&quot;:{&quot;unit&quot;:&quot;px&quot;,&quot;size&quot;:&quot;&quot;,&quot;sizes&quot;:[]},&quot;_transform_scale_effect_hover_mobile&quot;:{&quot;unit&quot;:&quot;px&quot;,&quot;size&quot;:&quot;&quot;,&quot;sizes&quot;:[]}}\" data-widget_type=\"jkit_button.default\">\n\t\t\t\t\t<div  class=\"jeg-elementor-kit jkit-button  icon-position-after jeg_module__12_69f3316dcab54\" ><a href=\"\/ambulante-pflege#grundpflege\" class=\"jkit-button-wrapper\"><i aria-hidden=\"true\" class=\"jki jki-right-arrow-12\"><\/i><\/a><\/div>\t\t\t\t<\/div>\n\t\t\t\t<\/div>\n\t\t\t\t<\/div>\n\t\t\t\t<\/div>\n\t\t\t\t<\/div>\n\t\t<div class=\"elementor-element elementor-element-748a879a e-con-full e-flex e-con e-child\" data-id=\"748a879a\" data-element_type=\"container\" data-e-type=\"container\">\n\t\t<div class=\"elementor-element elementor-element-57797fd3 e-con-full e-flex e-con e-child\" data-id=\"57797fd3\" data-element_type=\"container\" data-e-type=\"container\" data-settings=\"{&quot;background_background&quot;:&quot;classic&quot;}\">\n\t\t<div class=\"elementor-element elementor-element-4d4c4633 e-con-full e-flex e-con e-child\" data-id=\"4d4c4633\" data-element_type=\"container\" data-e-type=\"container\">\n\t\t\t\t<div class=\"elementor-element elementor-element-60e7463c elementor-widget elementor-widget-spacer\" data-id=\"60e7463c\" data-element_type=\"widget\" data-e-type=\"widget\" data-widget_type=\"spacer.default\">\n\t\t\t\t\t\t\t<div class=\"elementor-spacer\">\n\t\t\t<div class=\"elementor-spacer-inner\"><\/div>\n\t\t<\/div>\n\t\t\t\t\t\t<\/div>\n\t\t\t\t<\/div>\n\t\t<div class=\"elementor-element elementor-element-40c350b9 e-con-full e-flex e-con e-child\" data-id=\"40c350b9\" data-element_type=\"container\" data-e-type=\"container\">\n\t\t<div class=\"elementor-element elementor-element-26681f4a e-con-full e-flex e-con e-child\" data-id=\"26681f4a\" data-element_type=\"container\" data-e-type=\"container\">\n\t\t\t\t<div class=\"elementor-element elementor-element-8147187 jkit-equal-height-disable elementor-widget elementor-widget-jkit_icon_box\" data-id=\"8147187\" data-element_type=\"widget\" data-e-type=\"widget\" data-widget_type=\"jkit_icon_box.default\">\n\t\t\t\t\t<div  class=\"jeg-elementor-kit jkit-icon-box icon-position- elementor-animation- jeg_module__13_69f3316dcb7ab\" ><div class=\"jkit-icon-box-wrapper hover-from-left\"><div class=\"icon-box icon-box-body\">\n                <h2 class=\"title\">Hauswirtschaft<\/h2><p class=\"icon-box-description\">Wir unterst\u00fctzen Sie z.B.\nbei der Reinigung der Wohnung, Pflege der W\u00e4sche u.v.m.<\/p>\n            <\/div>\n            \n            <\/div><\/div>\t\t\t\t<\/div>\n\t\t\t\t<\/div>\n\t\t<div class=\"elementor-element elementor-element-721e1bda e-con-full e-flex e-con e-child\" data-id=\"721e1bda\" data-element_type=\"container\" data-e-type=\"container\">\n\t\t\t\t<div class=\"elementor-element elementor-element-664e5d79 e-transform elementor-widget elementor-widget-jkit_button\" data-id=\"664e5d79\" data-element_type=\"widget\" data-e-type=\"widget\" data-settings=\"{&quot;_transform_scale_effect_hover&quot;:{&quot;unit&quot;:&quot;px&quot;,&quot;size&quot;:&quot;0.9&quot;,&quot;sizes&quot;:[]},&quot;_transform_scale_effect_hover_tablet&quot;:{&quot;unit&quot;:&quot;px&quot;,&quot;size&quot;:&quot;&quot;,&quot;sizes&quot;:[]},&quot;_transform_scale_effect_hover_mobile&quot;:{&quot;unit&quot;:&quot;px&quot;,&quot;size&quot;:&quot;&quot;,&quot;sizes&quot;:[]}}\" data-widget_type=\"jkit_button.default\">\n\t\t\t\t\t<div  class=\"jeg-elementor-kit jkit-button  icon-position-after jeg_module__14_69f3316dcc067\" ><a href=\"\/ambulante-pflege#hauswirtschaft\" class=\"jkit-button-wrapper\"><i aria-hidden=\"true\" class=\"jki jki-right-arrow-12\"><\/i><\/a><\/div>\t\t\t\t<\/div>\n\t\t\t\t<\/div>\n\t\t\t\t<\/div>\n\t\t\t\t<\/div>\n\t\t\t\t<\/div>\n\t\t\t\t\t<\/div>\n\t\t\t\t<\/div>\n\t\t\t\t\t<\/div>\n\t\t\t\t<\/div>\n\t\t<div class=\"elementor-element elementor-element-0dc1f97 e-flex e-con-boxed e-con e-parent\" data-id=\"0dc1f97\" data-element_type=\"container\" data-e-type=\"container\">\n\t\t\t\t\t<div class=\"e-con-inner\">\n\t\t<div class=\"elementor-element elementor-element-9927939 e-con-full e-flex e-con e-child\" data-id=\"9927939\" data-element_type=\"container\" data-e-type=\"container\">\n\t\t<div class=\"elementor-element elementor-element-b89b8a5 e-con-full e-flex e-con e-child\" data-id=\"b89b8a5\" data-element_type=\"container\" data-e-type=\"container\">\n\t\t\t\t<div class=\"elementor-element elementor-element-c39b51c elementor-hidden-tablet elementor-hidden-mobile elementor-widget elementor-widget-jkit_heading\" data-id=\"c39b51c\" data-element_type=\"widget\" data-e-type=\"widget\" data-widget_type=\"jkit_heading.default\">\n\t\t\t\t\t<div  class=\"jeg-elementor-kit jkit-heading  align-left align-tablet- align-mobile- jeg_module__15_69f3316dccbe1\" ><div class=\"heading-section-title  display-inline-block\"><h2 class=\"heading-title\">Wir stehen Ihnen mit Fachkompetenz <span class=\"style-color\"><span>und Herz <\/span><\/span>zur Seite<\/h2><\/div><\/div>\t\t\t\t<\/div>\n\t\t\t\t<div class=\"elementor-element elementor-element-15d3c1d elementor-hidden-desktop elementor-widget elementor-widget-jkit_heading\" data-id=\"15d3c1d\" data-element_type=\"widget\" data-e-type=\"widget\" data-widget_type=\"jkit_heading.default\">\n\t\t\t\t\t<div  class=\"jeg-elementor-kit jkit-heading  align-left align-tablet- align-mobile- jeg_module__16_69f3316dcd784\" ><div class=\"heading-section-title  display-inline-block\"><h2 class=\"heading-title\">Wir stehen Ihnen mit Fachkompetenz <span class=\"style-color\"><span>und Herz <\/span><\/span> zur Seite<\/h2><\/div><\/div>\t\t\t\t<\/div>\n\t\t\t\t<div class=\"elementor-element elementor-element-2109ce3 elementor-widget elementor-widget-text-editor\" data-id=\"2109ce3\" data-element_type=\"widget\" data-e-type=\"widget\" data-widget_type=\"text-editor.default\">\n\t\t\t\t\t\t\t\t\t<p><strong>RegioPflegedienst Klaus Klee &#8211; Ihr Partner f\u00fcr ambulante Pflege und Demenz-Wohngemeinschaften im Markgr\u00e4flerland<\/strong><\/p>\t\t\t\t\t\t\t\t<\/div>\n\t\t\t\t<div class=\"elementor-element elementor-element-7b5ab48 elementor-widget elementor-widget-text-editor\" data-id=\"7b5ab48\" data-element_type=\"widget\" data-e-type=\"widget\" data-widget_type=\"text-editor.default\">\n\t\t\t\t\t\t\t\t\t<p>Der RegioPflegedienst betreut vier selbstverwaltete Wohngemeinschaften f\u00fcr Menschen mit Demenz in Freiburg und Schallstadt sowie eine Pflegewohngemeinschaft in Stegen und bietet den Bewohner\/innen dort ein sicheres, unterst\u00fctzendes Umfeld mit individueller Betreuung.<\/p><p>Viele pflegebed\u00fcrftige Menschen werden auch von ihren Angeh\u00f6rigen zu Hause versorgt. Wir bieten Unterst\u00fctzung durch unsere Pflegeberater, die Schulungen und Beratungen f\u00fcr Angeh\u00f6rige durchf\u00fchren und bei Bedarf mit unserem Pflege- und Betreuungsteam f\u00fcr Entlastung sorgen.<\/p>\t\t\t\t\t\t\t\t<\/div>\n\t\t\t\t<\/div>\n\t\t\t\t<\/div>\n\t\t<div class=\"elementor-element elementor-element-aee01a0 e-con-full e-flex e-con e-child\" data-id=\"aee01a0\" data-element_type=\"container\" data-e-type=\"container\">\n\t\t\t\t<div class=\"elementor-element elementor-element-eef1f17 elementor-widget elementor-widget-image\" data-id=\"eef1f17\" data-element_type=\"widget\" data-e-type=\"widget\" data-widget_type=\"image.default\">\n\t\t\t\t\t\t\t\t\t\t\t\t\t\t\t<img fetchpriority=\"high\" decoding=\"async\" width=\"800\" height=\"534\" src=\"https:\/\/www.pflegedienst-klee.de\/wp-content\/uploads\/2025\/12\/026-1024x683.jpg\" class=\"attachment-large size-large wp-image-1133\" alt=\"RegioPflegedienst Klaus Klee \u2013 ambulante Pflege aus M\u00fcllheim\" srcset=\"https:\/\/www.pflegedienst-klee.de\/wp-content\/uploads\/2025\/12\/026-1024x683.jpg 1024w, https:\/\/www.pflegedienst-klee.de\/wp-content\/uploads\/2025\/12\/026-300x200.jpg 300w, https:\/\/www.pflegedienst-klee.de\/wp-content\/uploads\/2025\/12\/026-768x512.jpg 768w, https:\/\/www.pflegedienst-klee.de\/wp-content\/uploads\/2025\/12\/026-1536x1024.jpg 1536w, https:\/\/www.pflegedienst-klee.de\/wp-content\/uploads\/2025\/12\/026-2048x1365.jpg 2048w\" sizes=\"(max-width: 800px) 100vw, 800px\" \/>\t\t\t\t\t\t\t\t\t\t\t\t\t\t\t<\/div>\n\t\t\t\t<div class=\"elementor-element elementor-element-bca78b2 e-transform elementor-widget elementor-widget-jkit_button\" data-id=\"bca78b2\" data-element_type=\"widget\" data-e-type=\"widget\" data-settings=\"{&quot;_transform_scale_effect_hover&quot;:{&quot;unit&quot;:&quot;px&quot;,&quot;size&quot;:&quot;0.9&quot;,&quot;sizes&quot;:[]},&quot;_transform_scale_effect_hover_tablet&quot;:{&quot;unit&quot;:&quot;px&quot;,&quot;size&quot;:&quot;&quot;,&quot;sizes&quot;:[]},&quot;_transform_scale_effect_hover_mobile&quot;:{&quot;unit&quot;:&quot;px&quot;,&quot;size&quot;:&quot;&quot;,&quot;sizes&quot;:[]}}\" data-widget_type=\"jkit_button.default\">\n\t\t\t\t\t<div  class=\"jeg-elementor-kit jkit-button  icon-position-after jeg_module__17_69f3316dced56\" ><a href=\"https:\/\/www.pflegedienst-klee.de\/kontakt\" class=\"jkit-button-wrapper\">Kontakt<i aria-hidden=\"true\" class=\"jki jki-right-arrow2-light\"><\/i><\/a><\/div>\t\t\t\t<\/div>\n\t\t\t\t<\/div>\n\t\t\t\t\t<\/div>\n\t\t\t\t<\/div>\n\t\t<div class=\"elementor-element elementor-element-1563aced e-flex e-con-boxed e-con e-parent\" data-id=\"1563aced\" data-element_type=\"container\" data-e-type=\"container\">\n\t\t\t\t\t<div class=\"e-con-inner\">\n\t\t<div class=\"elementor-element elementor-element-1303704b e-con-full e-flex e-con e-child\" data-id=\"1303704b\" data-element_type=\"container\" data-e-type=\"container\">\n\t\t<div class=\"elementor-element elementor-element-463018ca e-con-full e-flex e-con e-child\" data-id=\"463018ca\" data-element_type=\"container\" data-e-type=\"container\">\n\t\t<div class=\"elementor-element elementor-element-5ee8008b e-con-full e-flex e-con e-child\" data-id=\"5ee8008b\" data-element_type=\"container\" data-e-type=\"container\" data-settings=\"{&quot;background_background&quot;:&quot;classic&quot;}\">\n\t\t\t\t<div class=\"elementor-element elementor-element-4465447c elementor-widget elementor-widget-spacer\" data-id=\"4465447c\" data-element_type=\"widget\" data-e-type=\"widget\" data-widget_type=\"spacer.default\">\n\t\t\t\t\t\t\t<div class=\"elementor-spacer\">\n\t\t\t<div class=\"elementor-spacer-inner\"><\/div>\n\t\t<\/div>\n\t\t\t\t\t\t<\/div>\n\t\t\t\t<\/div>\n\t\t<div class=\"elementor-element elementor-element-13248bce e-con-full e-flex e-con e-child\" data-id=\"13248bce\" data-element_type=\"container\" data-e-type=\"container\" data-settings=\"{&quot;background_background&quot;:&quot;classic&quot;}\">\n\t\t\t\t<div class=\"elementor-element elementor-element-48181db0 elementor-widget elementor-widget-spacer\" data-id=\"48181db0\" data-element_type=\"widget\" data-e-type=\"widget\" data-widget_type=\"spacer.default\">\n\t\t\t\t\t\t\t<div class=\"elementor-spacer\">\n\t\t\t<div class=\"elementor-spacer-inner\"><\/div>\n\t\t<\/div>\n\t\t\t\t\t\t<\/div>\n\t\t\t\t<\/div>\n\t\t\t\t<\/div>\n\t\t<div class=\"elementor-element elementor-element-6e945c1b e-con-full e-flex e-con e-child\" data-id=\"6e945c1b\" data-element_type=\"container\" data-e-type=\"container\" data-settings=\"{&quot;background_background&quot;:&quot;classic&quot;}\">\n\t\t\t\t<div class=\"elementor-element elementor-element-6ac3ecf0 elementor-widget elementor-widget-spacer\" data-id=\"6ac3ecf0\" data-element_type=\"widget\" data-e-type=\"widget\" data-widget_type=\"spacer.default\">\n\t\t\t\t\t\t\t<div class=\"elementor-spacer\">\n\t\t\t<div class=\"elementor-spacer-inner\"><\/div>\n\t\t<\/div>\n\t\t\t\t\t\t<\/div>\n\t\t\t\t<\/div>\n\t\t\t\t<\/div>\n\t\t<div class=\"elementor-element elementor-element-2d70444 e-con-full e-flex e-con e-child\" data-id=\"2d70444\" data-element_type=\"container\" data-e-type=\"container\">\n\t\t\t\t<div class=\"elementor-element elementor-element-4a2f599b elementor-widget elementor-widget-jkit_heading\" data-id=\"4a2f599b\" data-element_type=\"widget\" data-e-type=\"widget\" data-widget_type=\"jkit_heading.default\">\n\t\t\t\t\t<div  class=\"jeg-elementor-kit jkit-heading  align-left align-tablet- align-mobile- jeg_module__18_69f3316dcfa82\" ><div class=\"heading-section-title  display-inline-block\"><h2 class=\"heading-title\">Wir suchen <span class=\"style-color\"><span>dich!<\/span><\/span><\/h2><\/div><\/div>\t\t\t\t<\/div>\n\t\t\t\t<div class=\"elementor-element elementor-element-27a8bcad elementor-widget elementor-widget-text-editor\" data-id=\"27a8bcad\" data-element_type=\"widget\" data-e-type=\"widget\" data-widget_type=\"text-editor.default\">\n\t\t\t\t\t\t\t\t\t<p data-start=\"378\" data-end=\"556\">Beim RegioPflegedienst Klaus Klee z\u00e4hlt Zusammenhalt: Werde Teil unseres Teams in der\u00a0<strong>Region Markgr\u00e4flerland<\/strong>, erlebe ein faires Miteinander, attraktive Vorteile und Kolleg*innen, die hinter dir stehen.<\/p>\t\t\t\t\t\t\t\t<\/div>\n\t\t\t\t<div class=\"elementor-element elementor-element-8c3179d e-transform elementor-widget elementor-widget-jkit_button\" data-id=\"8c3179d\" data-element_type=\"widget\" data-e-type=\"widget\" data-settings=\"{&quot;_transform_scale_effect_hover&quot;:{&quot;unit&quot;:&quot;px&quot;,&quot;size&quot;:&quot;0.9&quot;,&quot;sizes&quot;:[]},&quot;_transform_scale_effect_hover_tablet&quot;:{&quot;unit&quot;:&quot;px&quot;,&quot;size&quot;:&quot;&quot;,&quot;sizes&quot;:[]},&quot;_transform_scale_effect_hover_mobile&quot;:{&quot;unit&quot;:&quot;px&quot;,&quot;size&quot;:&quot;&quot;,&quot;sizes&quot;:[]}}\" data-widget_type=\"jkit_button.default\">\n\t\t\t\t\t<div  class=\"jeg-elementor-kit jkit-button  icon-position-after jeg_module__19_69f3316dd0adb\" ><a href=\"https:\/\/www.pflegedienst-klee.de\/karriere\" class=\"jkit-button-wrapper\">Stellenangebote ansehen<i aria-hidden=\"true\" class=\"jki jki-right-arrow2-light\"><\/i><\/a><\/div>\t\t\t\t<\/div>\n\t\t<div class=\"elementor-element elementor-element-17ebeecf e-con-full e-flex e-con e-child\" data-id=\"17ebeecf\" data-element_type=\"container\" data-e-type=\"container\">\n\t\t\t\t<div class=\"elementor-element elementor-element-3634c037 jkit-equal-height-disable elementor-widget elementor-widget-jkit_icon_box\" data-id=\"3634c037\" data-element_type=\"widget\" data-e-type=\"widget\" data-widget_type=\"jkit_icon_box.default\">\n\t\t\t\t\t<div  class=\"jeg-elementor-kit jkit-icon-box icon-position-left elementor-animation- jeg_module__20_69f3316dd17b3\" ><div class=\"jkit-icon-box-wrapper hover-from-left\"><div class=\"icon-box icon-box-header elementor-animation-\"><div class=\"icon style-color\"><i aria-hidden=\"true\" class=\"jki jki-cash-light\"><\/i><\/div><\/div><div class=\"icon-box icon-box-body\">\n                <h2 class=\"title\">13. Gehalt (90%)<\/h2><p class=\"icon-box-description\">Bei uns bekommst Du ein zus\u00e4tzliches Monatsgehalt \u2013 als Anerkennung f\u00fcr Deinen t\u00e4glichen Einsatz und Dein Engagement.<\/p>\n            <\/div>\n            \n            <\/div><\/div>\t\t\t\t<\/div>\n\t\t\t\t<div class=\"elementor-element elementor-element-11f39cb2 jkit-equal-height-disable elementor-widget elementor-widget-jkit_icon_box\" data-id=\"11f39cb2\" data-element_type=\"widget\" data-e-type=\"widget\" data-widget_type=\"jkit_icon_box.default\">\n\t\t\t\t\t<div  class=\"jeg-elementor-kit jkit-icon-box icon-position-left elementor-animation- jeg_module__21_69f3316dd2453\" ><div class=\"jkit-icon-box-wrapper hover-from-left\"><div class=\"icon-box icon-box-header elementor-animation-\"><div class=\"icon style-color\"><i aria-hidden=\"true\" class=\"jki jki-Family-light\"><\/i><\/div><\/div><div class=\"icon-box icon-box-body\">\n                <h2 class=\"title\">flexible Arbeitszeiten<\/h2><p class=\"icon-box-description\">Deine Arbeitszeiten richten sich nach Deinem Leben \u2013 damit Job und Privatleben im Gleichgewicht bleiben.<\/p>\n            <\/div>\n            \n            <\/div><\/div>\t\t\t\t<\/div>\n\t\t\t\t<div class=\"elementor-element elementor-element-1198187e jkit-equal-height-disable elementor-widget elementor-widget-jkit_icon_box\" data-id=\"1198187e\" data-element_type=\"widget\" data-e-type=\"widget\" data-widget_type=\"jkit_icon_box.default\">\n\t\t\t\t\t<div  class=\"jeg-elementor-kit jkit-icon-box icon-position-left elementor-animation- jeg_module__22_69f3316dd3074\" ><div class=\"jkit-icon-box-wrapper hover-from-left\"><div class=\"icon-box icon-box-header elementor-animation-\"><div class=\"icon style-color\"><svg aria-hidden=\"true\" class=\"e-font-icon-svg e-fas-hands-helping\" viewBox=\"0 0 640 512\" xmlns=\"http:\/\/www.w3.org\/2000\/svg\"><path d=\"M488 192H336v56c0 39.7-32.3 72-72 72s-72-32.3-72-72V126.4l-64.9 39C107.8 176.9 96 197.8 96 220.2v47.3l-80 46.2C.7 322.5-4.6 342.1 4.3 357.4l80 138.6c8.8 15.3 28.4 20.5 43.7 11.7L231.4 448H368c35.3 0 64-28.7 64-64h16c17.7 0 32-14.3 32-32v-64h8c13.3 0 24-10.7 24-24v-48c0-13.3-10.7-24-24-24zm147.7-37.4L555.7 16C546.9.7 527.3-4.5 512 4.3L408.6 64H306.4c-12 0-23.7 3.4-33.9 9.7L239 94.6c-9.4 5.8-15 16.1-15 27.1V248c0 22.1 17.9 40 40 40s40-17.9 40-40v-88h184c30.9 0 56 25.1 56 56v28.5l80-46.2c15.3-8.9 20.5-28.4 11.7-43.7z\"><\/path><\/svg><\/div><\/div><div class=\"icon-box icon-box-body\">\n                <h2 class=\"title\">Ein Team das zusammenh\u00e4lt<\/h2><p class=\"icon-box-description\">Du wirst Teil eines Teams, das f\u00fcreinander da ist, sich gegenseitig unterst\u00fctzt und echten Zusammenhalt lebt.<\/p>\n            <\/div>\n            \n            <\/div><\/div>\t\t\t\t<\/div>\n\t\t\t\t<\/div>\n\t\t\t\t<\/div>\n\t\t\t\t\t<\/div>\n\t\t\t\t<\/div>\n\t\t<div class=\"elementor-element elementor-element-ec563eb e-flex e-con-boxed e-con e-parent\" data-id=\"ec563eb\" data-element_type=\"container\" data-e-type=\"container\" data-settings=\"{&quot;background_background&quot;:&quot;classic&quot;,&quot;shape_divider_top&quot;:&quot;arrow&quot;,&quot;shape_divider_bottom&quot;:&quot;opacity-tilt&quot;}\">\n\t\t\t\t\t<div class=\"e-con-inner\">\n\t\t\t\t<div class=\"elementor-shape elementor-shape-top\" aria-hidden=\"true\" data-negative=\"false\">\n\t\t\t<svg xmlns=\"http:\/\/www.w3.org\/2000\/svg\" viewBox=\"0 0 700 10\" preserveAspectRatio=\"none\">\n\t<path class=\"elementor-shape-fill\" d=\"M350,10L340,0h20L350,10z\"\/>\n<\/svg>\t\t<\/div>\n\t\t\t\t<div class=\"elementor-shape elementor-shape-bottom\" aria-hidden=\"true\" data-negative=\"false\">\n\t\t\t<svg xmlns=\"http:\/\/www.w3.org\/2000\/svg\" viewBox=\"0 0 2600 131.1\" preserveAspectRatio=\"none\">\n\t<path class=\"elementor-shape-fill\" d=\"M0 0L2600 0 2600 69.1 0 0z\"\/>\n\t<path class=\"elementor-shape-fill\" style=\"opacity:0.5\" d=\"M0 0L2600 0 2600 69.1 0 69.1z\"\/>\n\t<path class=\"elementor-shape-fill\" style=\"opacity:0.25\" d=\"M2600 0L0 0 0 130.1 2600 69.1z\"\/>\n<\/svg>\t\t<\/div>\n\t\t<div class=\"elementor-element elementor-element-2ab6a2d e-flex e-con-boxed e-con e-child\" data-id=\"2ab6a2d\" data-element_type=\"container\" data-e-type=\"container\">\n\t\t\t\t\t<div class=\"e-con-inner\">\n\t\t\t\t<div class=\"elementor-element elementor-element-47334a5 elementor-widget elementor-widget-jkit_heading\" data-id=\"47334a5\" data-element_type=\"widget\" data-e-type=\"widget\" data-widget_type=\"jkit_heading.default\">\n\t\t\t\t\t<div  class=\"jeg-elementor-kit jkit-heading  align-center align-tablet- align-mobile- jeg_module__23_69f3316dd3f46\" ><div class=\"heading-section-title  display-inline-block\"><h2 class=\"heading-title\">Offene Stellen<\/h2><\/div><\/div>\t\t\t\t<\/div>\n\t\t\t\t\t<\/div>\n\t\t\t\t<\/div>\n\t\t<div class=\"elementor-element elementor-element-a93cec3 e-flex e-con-boxed e-con e-child\" data-id=\"a93cec3\" data-element_type=\"container\" data-e-type=\"container\">\n\t\t\t\t\t<div class=\"e-con-inner\">\n\t\t<div class=\"elementor-element elementor-element-250b347 e-con-full e-flex e-con e-child\" data-id=\"250b347\" data-element_type=\"container\" data-e-type=\"container\">\n\t\t<div class=\"elementor-element elementor-element-84376c6 e-con-full e-flex e-con e-child\" data-id=\"84376c6\" data-element_type=\"container\" data-e-type=\"container\" data-settings=\"{&quot;background_background&quot;:&quot;classic&quot;}\">\n\t\t<div class=\"elementor-element elementor-element-0f48b09 e-con-full e-flex e-con e-child\" data-id=\"0f48b09\" data-element_type=\"container\" data-e-type=\"container\" data-settings=\"{&quot;background_background&quot;:&quot;gradient&quot;}\">\n\t\t\t\t<div class=\"elementor-element elementor-element-eabcb4b elementor-widget elementor-widget-spacer\" data-id=\"eabcb4b\" data-element_type=\"widget\" data-e-type=\"widget\" data-widget_type=\"spacer.default\">\n\t\t\t\t\t\t\t<div class=\"elementor-spacer\">\n\t\t\t<div class=\"elementor-spacer-inner\"><\/div>\n\t\t<\/div>\n\t\t\t\t\t\t<\/div>\n\t\t\t\t<\/div>\n\t\t<div class=\"elementor-element elementor-element-89f2ba7 e-con-full e-flex e-con e-child\" data-id=\"89f2ba7\" data-element_type=\"container\" data-e-type=\"container\">\n\t\t<div class=\"elementor-element elementor-element-408a915 e-con-full e-flex e-con e-child\" data-id=\"408a915\" data-element_type=\"container\" data-e-type=\"container\">\n\t\t\t\t<div class=\"elementor-element elementor-element-7d39d9b jkit-equal-height-disable elementor-widget elementor-widget-jkit_icon_box\" data-id=\"7d39d9b\" data-element_type=\"widget\" data-e-type=\"widget\" data-widget_type=\"jkit_icon_box.default\">\n\t\t\t\t\t<div  class=\"jeg-elementor-kit jkit-icon-box icon-position- elementor-animation- jeg_module__24_69f3316dd4c0b\" ><div class=\"jkit-icon-box-wrapper hover-from-left\"><div class=\"icon-box icon-box-body\">\n                <h2 class=\"title\">Pflegehelfer\/ Alltagsbegleiter (m\/w\/d)<\/h2><p class=\"icon-box-description\">von vier selbstverwalteten\nPflegewohngemeinschaften gesucht<\/p>\n            <\/div>\n            \n            <\/div><\/div>\t\t\t\t<\/div>\n\t\t\t\t<\/div>\n\t\t<div class=\"elementor-element elementor-element-7de602e e-con-full e-flex e-con e-child\" data-id=\"7de602e\" data-element_type=\"container\" data-e-type=\"container\">\n\t\t\t\t<div class=\"elementor-element elementor-element-dcf350a e-transform elementor-widget elementor-widget-jkit_button\" data-id=\"dcf350a\" data-element_type=\"widget\" data-e-type=\"widget\" data-settings=\"{&quot;_transform_scale_effect_hover&quot;:{&quot;unit&quot;:&quot;px&quot;,&quot;size&quot;:&quot;0.9&quot;,&quot;sizes&quot;:[]},&quot;_transform_scale_effect_hover_tablet&quot;:{&quot;unit&quot;:&quot;px&quot;,&quot;size&quot;:&quot;&quot;,&quot;sizes&quot;:[]},&quot;_transform_scale_effect_hover_mobile&quot;:{&quot;unit&quot;:&quot;px&quot;,&quot;size&quot;:&quot;&quot;,&quot;sizes&quot;:[]}}\" data-widget_type=\"jkit_button.default\">\n\t\t\t\t\t<div  class=\"jeg-elementor-kit jkit-button  icon-position-after jeg_module__25_69f3316dd54cf\" ><a href=\"https:\/\/www.pflegedienst-klee.de\/karriere\" class=\"jkit-button-wrapper\"><i aria-hidden=\"true\" class=\"jki jki-right-arrow-12\"><\/i><\/a><\/div>\t\t\t\t<\/div>\n\t\t\t\t<\/div>\n\t\t\t\t<\/div>\n\t\t\t\t<\/div>\n\t\t<div class=\"elementor-element elementor-element-a026fa8 e-con-full e-flex e-con e-child\" data-id=\"a026fa8\" data-element_type=\"container\" data-e-type=\"container\" data-settings=\"{&quot;background_background&quot;:&quot;classic&quot;}\">\n\t\t<div class=\"elementor-element elementor-element-9a6baed e-con-full e-flex e-con e-child\" data-id=\"9a6baed\" data-element_type=\"container\" data-e-type=\"container\">\n\t\t\t\t<div class=\"elementor-element elementor-element-ce99dae elementor-widget elementor-widget-spacer\" data-id=\"ce99dae\" data-element_type=\"widget\" data-e-type=\"widget\" data-widget_type=\"spacer.default\">\n\t\t\t\t\t\t\t<div class=\"elementor-spacer\">\n\t\t\t<div class=\"elementor-spacer-inner\"><\/div>\n\t\t<\/div>\n\t\t\t\t\t\t<\/div>\n\t\t\t\t<\/div>\n\t\t<div class=\"elementor-element elementor-element-10bd8fc e-con-full e-flex e-con e-child\" data-id=\"10bd8fc\" data-element_type=\"container\" data-e-type=\"container\">\n\t\t<div class=\"elementor-element elementor-element-c7c636f e-con-full e-flex e-con e-child\" data-id=\"c7c636f\" data-element_type=\"container\" data-e-type=\"container\">\n\t\t\t\t<div class=\"elementor-element elementor-element-b0ad3be jkit-equal-height-disable elementor-widget elementor-widget-jkit_icon_box\" data-id=\"b0ad3be\" data-element_type=\"widget\" data-e-type=\"widget\" data-widget_type=\"jkit_icon_box.default\">\n\t\t\t\t\t<div  class=\"jeg-elementor-kit jkit-icon-box icon-position- elementor-animation- jeg_module__26_69f3316dd6164\" ><div class=\"jkit-icon-box-wrapper hover-from-left\"><div class=\"icon-box icon-box-body\">\n                <h2 class=\"title\">Nachtwache (m\/w\/d)<\/h2><p class=\"icon-box-description\">f\u00fcr unsere Wohngemeinschaft in Schallstadt<\/p>\n            <\/div>\n            \n            <\/div><\/div>\t\t\t\t<\/div>\n\t\t\t\t<\/div>\n\t\t<div class=\"elementor-element elementor-element-353c5a9 e-con-full e-flex e-con e-child\" data-id=\"353c5a9\" data-element_type=\"container\" data-e-type=\"container\">\n\t\t\t\t<div class=\"elementor-element elementor-element-42314f7 e-transform elementor-widget elementor-widget-jkit_button\" data-id=\"42314f7\" data-element_type=\"widget\" data-e-type=\"widget\" data-settings=\"{&quot;_transform_scale_effect_hover&quot;:{&quot;unit&quot;:&quot;px&quot;,&quot;size&quot;:&quot;0.9&quot;,&quot;sizes&quot;:[]},&quot;_transform_scale_effect_hover_tablet&quot;:{&quot;unit&quot;:&quot;px&quot;,&quot;size&quot;:&quot;&quot;,&quot;sizes&quot;:[]},&quot;_transform_scale_effect_hover_mobile&quot;:{&quot;unit&quot;:&quot;px&quot;,&quot;size&quot;:&quot;&quot;,&quot;sizes&quot;:[]}}\" data-widget_type=\"jkit_button.default\">\n\t\t\t\t\t<div  class=\"jeg-elementor-kit jkit-button  icon-position-after jeg_module__27_69f3316dd69c2\" ><a href=\"https:\/\/www.pflegedienst-klee.de\/karriere\" class=\"jkit-button-wrapper\"><i aria-hidden=\"true\" class=\"jki jki-right-arrow-12\"><\/i><\/a><\/div>\t\t\t\t<\/div>\n\t\t\t\t<\/div>\n\t\t\t\t<\/div>\n\t\t\t\t<\/div>\n\t\t\t\t<\/div>\n\t\t\t\t\t<\/div>\n\t\t\t\t<\/div>\n\t\t\t\t\t<\/div>\n\t\t\t\t<\/div>\n\t\t<div class=\"elementor-element elementor-element-1a5d0bcb e-flex e-con-boxed e-con e-parent\" data-id=\"1a5d0bcb\" data-element_type=\"container\" data-e-type=\"container\" data-settings=\"{&quot;background_background&quot;:&quot;classic&quot;}\">\n\t\t\t\t\t<div class=\"e-con-inner\">\n\t\t<div class=\"elementor-element elementor-element-22e50efa e-con-full e-flex e-con e-child\" data-id=\"22e50efa\" data-element_type=\"container\" data-e-type=\"container\">\n\t\t\t\t<div class=\"elementor-element elementor-element-fa81bb8 elementor-widget elementor-widget-jkit_heading\" data-id=\"fa81bb8\" data-element_type=\"widget\" data-e-type=\"widget\" data-widget_type=\"jkit_heading.default\">\n\t\t\t\t\t<div  class=\"jeg-elementor-kit jkit-heading  align-center align-tablet- align-mobile- jeg_module__28_69f3316dd7562\" ><div class=\"heading-section-title  display-inline-block\"><h2 class=\"heading-title\">Wenn Sie fragen haben oder Hilfe brauchen<span class=\"style-color\"><span>z\u00f6gern Sie nicht,<\/span><\/span>uns zu kontaktieren.<\/h2><\/div><\/div>\t\t\t\t<\/div>\n\t\t\t\t<div class=\"elementor-element elementor-element-75b664e elementor-widget elementor-widget-text-editor\" data-id=\"75b664e\" data-element_type=\"widget\" data-e-type=\"widget\" data-widget_type=\"text-editor.default\">\n\t\t\t\t\t\t\t\t\t<p>Wir unterst\u00fctzen und beraten Sie gern.<\/p><p>Au\u00dferdem freuen wir uns \u00fcber jede Bewerbung, die wir erhalten!<\/p>\t\t\t\t\t\t\t\t<\/div>\n\t\t\t\t<div class=\"elementor-element elementor-element-7dea1eb2 e-transform elementor-widget elementor-widget-jkit_button\" data-id=\"7dea1eb2\" data-element_type=\"widget\" data-e-type=\"widget\" data-settings=\"{&quot;_transform_scale_effect_hover&quot;:{&quot;unit&quot;:&quot;px&quot;,&quot;size&quot;:&quot;0.9&quot;,&quot;sizes&quot;:[]},&quot;_transform_scale_effect_hover_tablet&quot;:{&quot;unit&quot;:&quot;px&quot;,&quot;size&quot;:&quot;&quot;,&quot;sizes&quot;:[]},&quot;_transform_scale_effect_hover_mobile&quot;:{&quot;unit&quot;:&quot;px&quot;,&quot;size&quot;:&quot;&quot;,&quot;sizes&quot;:[]}}\" data-widget_type=\"jkit_button.default\">\n\t\t\t\t\t<div  class=\"jeg-elementor-kit jkit-button  icon-position-after jeg_module__29_69f3316dd8441\" ><a href=\"https:\/\/www.pflegedienst-klee.de\/kontakt\" class=\"jkit-button-wrapper\">Kontakt aufnehmen<i aria-hidden=\"true\" class=\"jki jki-right-arrow2-light\"><\/i><\/a><\/div>\t\t\t\t<\/div>\n\t\t\t\t<\/div>\n\t\t\t\t\t<\/div>\n\t\t\t\t<\/div>\n\t\t<div class=\"elementor-element elementor-element-2294360 elementor-hidden-desktop elementor-hidden-tablet elementor-hidden-mobile e-flex e-con-boxed e-con e-parent\" data-id=\"2294360\" data-element_type=\"container\" data-e-type=\"container\">\n\t\t\t\t\t<div class=\"e-con-inner\">\n\t\t<div class=\"elementor-element elementor-element-2dff505 e-flex e-con-boxed e-con e-child\" data-id=\"2dff505\" data-element_type=\"container\" data-e-type=\"container\">\n\t\t\t\t\t<div class=\"e-con-inner\">\n\t\t\t\t<div class=\"elementor-element elementor-element-fac7c7e elementor-widget elementor-widget-jkit_heading\" data-id=\"fac7c7e\" data-element_type=\"widget\" data-e-type=\"widget\" data-widget_type=\"jkit_heading.default\">\n\t\t\t\t\t<div  class=\"jeg-elementor-kit jkit-heading  align-center align-tablet- align-mobile- jeg_module__30_69f3316dd8f1b\" ><div class=\"heading-section-title  display-inline-block\"><h2 class=\"heading-title\">H\u00e4ufig gestellte <span class=\"style-color\"><span> Fragen<\/span><\/span><\/h2><\/div><\/div>\t\t\t\t<\/div>\n\t\t\t\t<div class=\"elementor-element elementor-element-79c6255 elementor-widget elementor-widget-text-editor\" data-id=\"79c6255\" data-element_type=\"widget\" data-e-type=\"widget\" data-widget_type=\"text-editor.default\">\n\t\t\t\t\t\t\t\t\t<p data-pm-slice=\"1 1 []\">Sie sind krank oder durch Altersprobleme auf die Hilfe anderer angewiesen? So kommt gegebenenfalls das Angebot eines Pflegedienstes f\u00fcr Sie in Betracht. Nachfolgend beantworten wir Ihnen h\u00e4ufig gestellte Fragen, die Ihnen das Finden einer guten Pflegeeinrichtung erleichtern sollen.<\/p>\t\t\t\t\t\t\t\t<\/div>\n\t\t\t\t\t<\/div>\n\t\t\t\t<\/div>\n\t\t<div class=\"elementor-element elementor-element-e6cc52c e-flex e-con-boxed e-con e-child\" data-id=\"e6cc52c\" data-element_type=\"container\" data-e-type=\"container\">\n\t\t\t\t\t<div class=\"e-con-inner\">\n\t\t\t\t<div class=\"elementor-element elementor-element-aa72506 elementor-widget__width-inherit elementor-widget-tablet__width-inherit elementor-widget elementor-widget-toggle\" data-id=\"aa72506\" data-element_type=\"widget\" data-e-type=\"widget\" data-widget_type=\"toggle.default\">\n\t\t\t\t\t\t\t<div class=\"elementor-toggle\">\n\t\t\t\t\t\t\t<div class=\"elementor-toggle-item\">\n\t\t\t\t\t<h4 id=\"elementor-tab-title-1781\" class=\"elementor-tab-title\" data-tab=\"1\" role=\"button\" aria-controls=\"elementor-tab-content-1781\" aria-expanded=\"false\">\n\t\t\t\t\t\t\t\t\t\t\t\t<a class=\"elementor-toggle-title\" tabindex=\"0\">Liegt ein anerkannter Versorgungsvertrag mit der Pflegekasse vor?<\/a>\n\t\t\t\t\t<\/h4>\n\n\t\t\t\t\t<div id=\"elementor-tab-content-1781\" class=\"elementor-tab-content elementor-clearfix\" data-tab=\"1\" role=\"region\" aria-labelledby=\"elementor-tab-title-1781\"><p>Ja.<\/p><\/div>\n\t\t\t\t<\/div>\n\t\t\t\t\t\t\t<div class=\"elementor-toggle-item\">\n\t\t\t\t\t<h4 id=\"elementor-tab-title-1782\" class=\"elementor-tab-title\" data-tab=\"2\" role=\"button\" aria-controls=\"elementor-tab-content-1782\" aria-expanded=\"false\">\n\t\t\t\t\t\t\t\t\t\t\t\t<a class=\"elementor-toggle-title\" tabindex=\"0\">Gibt es einen verantwortlichen Ansprechpartner f\u00fcr Ihre Fragen, W\u00fcnschen und Beschwerden?<\/a>\n\t\t\t\t\t<\/h4>\n\n\t\t\t\t\t<div id=\"elementor-tab-content-1782\" class=\"elementor-tab-content elementor-clearfix\" data-tab=\"2\" role=\"region\" aria-labelledby=\"elementor-tab-title-1782\"><p>\u00a0Ja, die Gesch\u00e4fts- und Pflegedienstleitung.<\/p><\/div>\n\t\t\t\t<\/div>\n\t\t\t\t\t\t\t<div class=\"elementor-toggle-item\">\n\t\t\t\t\t<h4 id=\"elementor-tab-title-1783\" class=\"elementor-tab-title\" data-tab=\"3\" role=\"button\" aria-controls=\"elementor-tab-content-1783\" aria-expanded=\"false\">\n\t\t\t\t\t\t\t\t\t\t\t\t<a class=\"elementor-toggle-title\" tabindex=\"0\">Wie ist der Pflegedienst f\u00fcr mich erreichbar?<\/a>\n\t\t\t\t\t<\/h4>\n\n\t\t\t\t\t<div id=\"elementor-tab-content-1783\" class=\"elementor-tab-content elementor-clearfix\" data-tab=\"3\" role=\"region\" aria-labelledby=\"elementor-tab-title-1783\"><p>Der Pflegedienst ist f\u00fcr Sie pers\u00f6nlich Tag und Nacht und an den Wochenenden erreichbar.<\/p><\/div>\n\t\t\t\t<\/div>\n\t\t\t\t\t\t\t<div class=\"elementor-toggle-item\">\n\t\t\t\t\t<h4 id=\"elementor-tab-title-1784\" class=\"elementor-tab-title\" data-tab=\"4\" role=\"button\" aria-controls=\"elementor-tab-content-1784\" aria-expanded=\"false\">\n\t\t\t\t\t\t\t\t\t\t\t\t<a class=\"elementor-toggle-title\" tabindex=\"0\">\u00dcbernimmt der Pflegedienst kurzfristige Entlastungs- und Urlaubsvertretungen?<\/a>\n\t\t\t\t\t<\/h4>\n\n\t\t\t\t\t<div id=\"elementor-tab-content-1784\" class=\"elementor-tab-content elementor-clearfix\" data-tab=\"4\" role=\"region\" aria-labelledby=\"elementor-tab-title-1784\"><div class=\"flex max-w-full flex-col flex-grow\"><div class=\"min-h-8 text-message flex w-full flex-col items-end gap-2 whitespace-normal break-words text-start [.text-message+&amp;]:mt-5\" dir=\"auto\" data-message-author-role=\"assistant\" data-message-id=\"87de0da9-a7ed-43da-ae93-433470e73967\" data-message-model-slug=\"gpt-4o-mini\"><div class=\"flex w-full flex-col gap-1 empty:hidden first:pt-[3px]\"><div class=\"markdown prose w-full break-words dark:prose-invert dark\"><p>Ja.<\/p><\/div><\/div><\/div><\/div><div class=\"mb-2 flex gap-3 empty:hidden -ml-2\"><div class=\"items-center justify-start rounded-xl p-1 flex\">\u00a0<\/div><\/div><\/div>\n\t\t\t\t<\/div>\n\t\t\t\t\t\t\t<div class=\"elementor-toggle-item\">\n\t\t\t\t\t<h4 id=\"elementor-tab-title-1785\" class=\"elementor-tab-title\" data-tab=\"5\" role=\"button\" aria-controls=\"elementor-tab-content-1785\" aria-expanded=\"false\">\n\t\t\t\t\t\t\t\t\t\t\t\t<a class=\"elementor-toggle-title\" tabindex=\"0\">Besteht die M\u00f6glichkeit, eine Probezeit f\u00fcr die Pflege zu vereinbaren?<\/a>\n\t\t\t\t\t<\/h4>\n\n\t\t\t\t\t<div id=\"elementor-tab-content-1785\" class=\"elementor-tab-content elementor-clearfix\" data-tab=\"5\" role=\"region\" aria-labelledby=\"elementor-tab-title-1785\"><p>Ja.<\/p><\/div>\n\t\t\t\t<\/div>\n\t\t\t\t\t\t\t<div class=\"elementor-toggle-item\">\n\t\t\t\t\t<h4 id=\"elementor-tab-title-1786\" class=\"elementor-tab-title\" data-tab=\"6\" role=\"button\" aria-controls=\"elementor-tab-content-1786\" aria-expanded=\"false\">\n\t\t\t\t\t\t\t\t\t\t\t\t<a class=\"elementor-toggle-title\" tabindex=\"0\">Kann die Pflege unterbrochen werden, etwa wegen Urlaub?<\/a>\n\t\t\t\t\t<\/h4>\n\n\t\t\t\t\t<div id=\"elementor-tab-content-1786\" class=\"elementor-tab-content elementor-clearfix\" data-tab=\"6\" role=\"region\" aria-labelledby=\"elementor-tab-title-1786\"><p>Ja.<\/p><\/div>\n\t\t\t\t<\/div>\n\t\t\t\t\t\t\t<div class=\"elementor-toggle-item\">\n\t\t\t\t\t<h4 id=\"elementor-tab-title-1787\" class=\"elementor-tab-title\" data-tab=\"7\" role=\"button\" aria-controls=\"elementor-tab-content-1787\" aria-expanded=\"false\">\n\t\t\t\t\t\t\t\t\t\t\t\t<a class=\"elementor-toggle-title\" tabindex=\"0\">Arbeitet der Pflegedienst eng mit Ihrem behandelnden Arzt zusammen?<\/a>\n\t\t\t\t\t<\/h4>\n\n\t\t\t\t\t<div id=\"elementor-tab-content-1787\" class=\"elementor-tab-content elementor-clearfix\" data-tab=\"7\" role=\"region\" aria-labelledby=\"elementor-tab-title-1787\"><p>Ja, und auch mit Kooperationspartnern (Sanit\u00e4tsh\u00e4usern, Apotheken, Krankenkassen, Pflegekassen, Sozialamt etc.)<\/p><\/div>\n\t\t\t\t<\/div>\n\t\t\t\t\t\t\t<div class=\"elementor-toggle-item\">\n\t\t\t\t\t<h4 id=\"elementor-tab-title-1788\" class=\"elementor-tab-title\" data-tab=\"8\" role=\"button\" aria-controls=\"elementor-tab-content-1788\" aria-expanded=\"false\">\n\t\t\t\t\t\t\t\t\t\t\t\t<a class=\"elementor-toggle-title\" tabindex=\"0\">Verbleibt der Nachweis \u00fcber die erbrachten Pflegeleistungen und die notwendige Dokumentation in Ihrem Haushalt?<\/a>\n\t\t\t\t\t<\/h4>\n\n\t\t\t\t\t<div id=\"elementor-tab-content-1788\" class=\"elementor-tab-content elementor-clearfix\" data-tab=\"8\" role=\"region\" aria-labelledby=\"elementor-tab-title-1788\"><p>Ja.<\/p><\/div>\n\t\t\t\t<\/div>\n\t\t\t\t\t\t\t\t<\/div>\n\t\t\t\t\t\t<\/div>\n\t\t\t\t\t<\/div>\n\t\t\t\t<\/div>\n\t\t\t\t\t<\/div>\n\t\t\t\t<\/div>\n\t\t<div class=\"elementor-element elementor-element-428d09b e-grid e-con-boxed e-con e-parent\" data-id=\"428d09b\" data-element_type=\"container\" data-e-type=\"container\">\n\t\t\t\t\t<div class=\"e-con-inner\">\n\t\t\t\t\t<\/div>\n\t\t\t\t<\/div>\n\t\t\t\t<\/div>\n\t\t","protected":false},"excerpt":{"rendered":"<p>Regiopflegedienst Klaus Klee GmbH<br \/>\nIhr Pflegedienst im Markgr\u00e4flerland<\/p>\n","protected":false},"author":2,"featured_media":1121,"parent":0,"menu_order":0,"comment_status":"closed","ping_status":"closed","template":"elementor_header_footer","meta":{"footnotes":""},"class_list":["post-10","page","type-page","status-publish","has-post-thumbnail","hentry"],"yoast_head":"<!-- This site is optimized with the Yoast SEO plugin v27.1.1 - https:\/\/yoast.com\/product\/yoast-seo-wordpress\/ -->\n<title>RegioPflegedienst Klaus Klee \u2013 ambulante Pflege aus M\u00fcllheim<\/title>\n<meta name=\"description\" content=\"RegioPflegedienst Klaus Klee aus M\u00fcllheim steht f\u00fcr zuverl\u00e4ssige ambulante Pflege und professionelle Unterst\u00fctzung im Alltag.\" \/>\n<meta name=\"robots\" content=\"index, follow, max-snippet:-1, max-image-preview:large, max-video-preview:-1\" \/>\n<link rel=\"canonical\" href=\"https:\/\/www.pflegedienst-klee.de\/\" \/>\n<meta property=\"og:locale\" content=\"de_DE\" \/>\n<meta property=\"og:type\" content=\"article\" \/>\n<meta property=\"og:title\" content=\"RegioPflegedienst Klaus Klee \u2013 ambulante Pflege aus M\u00fcllheim\" \/>\n<meta property=\"og:description\" content=\"RegioPflegedienst Klaus Klee aus M\u00fcllheim steht f\u00fcr zuverl\u00e4ssige ambulante Pflege und professionelle Unterst\u00fctzung im Alltag.\" \/>\n<meta property=\"og:url\" content=\"https:\/\/www.pflegedienst-klee.de\/\" \/>\n<meta property=\"og:site_name\" content=\"RegioPflegedienst Klaus Klee\" \/>\n<meta property=\"article:publisher\" content=\"https:\/\/www.facebook.com\/profile.php?id=61558055976485\" \/>\n<meta property=\"article:modified_time\" content=\"2026-04-30T09:24:23+00:00\" \/>\n<meta property=\"og:image\" content=\"https:\/\/www.pflegedienst-klee.de\/wp-content\/uploads\/2025\/12\/klee-logo-2.jpg\" \/>\n\t<meta property=\"og:image:width\" content=\"2048\" \/>\n\t<meta property=\"og:image:height\" content=\"2048\" \/>\n\t<meta property=\"og:image:type\" content=\"image\/jpeg\" \/>\n<meta name=\"twitter:card\" content=\"summary_large_image\" \/>\n<meta name=\"twitter:label1\" content=\"Gesch\u00e4tzte Lesezeit\" \/>\n\t<meta name=\"twitter:data1\" content=\"4\u00a0Minuten\" \/>\n<script type=\"application\/ld+json\" class=\"yoast-schema-graph\">{\"@context\":\"https:\/\/schema.org\",\"@graph\":[{\"@type\":\"WebPage\",\"@id\":\"https:\/\/www.pflegedienst-klee.de\/\",\"url\":\"https:\/\/www.pflegedienst-klee.de\/\",\"name\":\"RegioPflegedienst Klaus Klee \u2013 ambulante Pflege aus M\u00fcllheim\",\"isPartOf\":{\"@id\":\"https:\/\/www.pflegedienst-klee.de\/#website\"},\"primaryImageOfPage\":{\"@id\":\"https:\/\/www.pflegedienst-klee.de\/#primaryimage\"},\"image\":{\"@id\":\"https:\/\/www.pflegedienst-klee.de\/#primaryimage\"},\"thumbnailUrl\":\"https:\/\/www.pflegedienst-klee.de\/wp-content\/uploads\/2025\/12\/klee-logo-2.jpg\",\"datePublished\":\"2024-12-24T07:48:17+00:00\",\"dateModified\":\"2026-04-30T09:24:23+00:00\",\"description\":\"RegioPflegedienst Klaus Klee aus M\u00fcllheim steht f\u00fcr zuverl\u00e4ssige ambulante Pflege und professionelle Unterst\u00fctzung im Alltag.\",\"breadcrumb\":{\"@id\":\"https:\/\/www.pflegedienst-klee.de\/#breadcrumb\"},\"inLanguage\":\"de\",\"potentialAction\":[{\"@type\":\"ReadAction\",\"target\":[\"https:\/\/www.pflegedienst-klee.de\/\"]}]},{\"@type\":\"ImageObject\",\"inLanguage\":\"de\",\"@id\":\"https:\/\/www.pflegedienst-klee.de\/#primaryimage\",\"url\":\"https:\/\/www.pflegedienst-klee.de\/wp-content\/uploads\/2025\/12\/klee-logo-2.jpg\",\"contentUrl\":\"https:\/\/www.pflegedienst-klee.de\/wp-content\/uploads\/2025\/12\/klee-logo-2.jpg\",\"width\":2048,\"height\":2048},{\"@type\":\"BreadcrumbList\",\"@id\":\"https:\/\/www.pflegedienst-klee.de\/#breadcrumb\",\"itemListElement\":[{\"@type\":\"ListItem\",\"position\":1,\"name\":\"Startseite\",\"item\":\"https:\/\/www.pflegedienst-klee.de\/\"},{\"@type\":\"ListItem\",\"position\":2,\"name\":\"RegioPflegedienst Klaus Klee\"}]},{\"@type\":\"WebSite\",\"@id\":\"https:\/\/www.pflegedienst-klee.de\/#website\",\"url\":\"https:\/\/www.pflegedienst-klee.de\/\",\"name\":\"RegioPflegedienst Klaus Klee GmbH\",\"description\":\"Ihr Pflegedienst im Markgr\u00e4flerland\",\"publisher\":{\"@id\":\"https:\/\/www.pflegedienst-klee.de\/#organization\"},\"potentialAction\":[{\"@type\":\"SearchAction\",\"target\":{\"@type\":\"EntryPoint\",\"urlTemplate\":\"https:\/\/www.pflegedienst-klee.de\/?s={search_term_string}\"},\"query-input\":{\"@type\":\"PropertyValueSpecification\",\"valueRequired\":true,\"valueName\":\"search_term_string\"}}],\"inLanguage\":\"de\"},{\"@type\":\"Organization\",\"@id\":\"https:\/\/www.pflegedienst-klee.de\/#organization\",\"name\":\"RegioPflegedienst Klaus Klee GmbH\",\"url\":\"https:\/\/www.pflegedienst-klee.de\/\",\"logo\":{\"@type\":\"ImageObject\",\"inLanguage\":\"de\",\"@id\":\"https:\/\/www.pflegedienst-klee.de\/#\/schema\/logo\/image\/\",\"url\":\"https:\/\/www.pflegedienst-klee.de\/wp-content\/uploads\/2025\/12\/cropped-klee-logo-2.jpg\",\"contentUrl\":\"https:\/\/www.pflegedienst-klee.de\/wp-content\/uploads\/2025\/12\/cropped-klee-logo-2.jpg\",\"width\":2045,\"height\":865,\"caption\":\"RegioPflegedienst Klaus Klee GmbH\"},\"image\":{\"@id\":\"https:\/\/www.pflegedienst-klee.de\/#\/schema\/logo\/image\/\"},\"sameAs\":[\"https:\/\/www.facebook.com\/profile.php?id=61558055976485\",\"https:\/\/www.instagram.com\/regiopflegedienst_klee\/\",\"https:\/\/www.youtube.com\/@regiopflegedienst_klee\",\"https:\/\/www.tiktok.com\/@regiopflegedienst_klee\"]}]}<\/script>\n<!-- \/ Yoast SEO plugin. -->","yoast_head_json":{"title":"RegioPflegedienst Klaus Klee \u2013 ambulante Pflege aus M\u00fcllheim","description":"RegioPflegedienst Klaus Klee aus M\u00fcllheim steht f\u00fcr zuverl\u00e4ssige ambulante Pflege und professionelle Unterst\u00fctzung im Alltag.","robots":{"index":"index","follow":"follow","max-snippet":"max-snippet:-1","max-image-preview":"max-image-preview:large","max-video-preview":"max-video-preview:-1"},"canonical":"https:\/\/www.pflegedienst-klee.de\/","og_locale":"de_DE","og_type":"article","og_title":"RegioPflegedienst Klaus Klee \u2013 ambulante Pflege aus M\u00fcllheim","og_description":"RegioPflegedienst Klaus Klee aus M\u00fcllheim steht f\u00fcr zuverl\u00e4ssige ambulante Pflege und professionelle Unterst\u00fctzung im Alltag.","og_url":"https:\/\/www.pflegedienst-klee.de\/","og_site_name":"RegioPflegedienst Klaus Klee","article_publisher":"https:\/\/www.facebook.com\/profile.php?id=61558055976485","article_modified_time":"2026-04-30T09:24:23+00:00","og_image":[{"width":2048,"height":2048,"url":"https:\/\/www.pflegedienst-klee.de\/wp-content\/uploads\/2025\/12\/klee-logo-2.jpg","type":"image\/jpeg"}],"twitter_card":"summary_large_image","twitter_misc":{"Gesch\u00e4tzte Lesezeit":"4\u00a0Minuten"},"schema":{"@context":"https:\/\/schema.org","@graph":[{"@type":"WebPage","@id":"https:\/\/www.pflegedienst-klee.de\/","url":"https:\/\/www.pflegedienst-klee.de\/","name":"RegioPflegedienst Klaus Klee \u2013 ambulante Pflege aus M\u00fcllheim","isPartOf":{"@id":"https:\/\/www.pflegedienst-klee.de\/#website"},"primaryImageOfPage":{"@id":"https:\/\/www.pflegedienst-klee.de\/#primaryimage"},"image":{"@id":"https:\/\/www.pflegedienst-klee.de\/#primaryimage"},"thumbnailUrl":"https:\/\/www.pflegedienst-klee.de\/wp-content\/uploads\/2025\/12\/klee-logo-2.jpg","datePublished":"2024-12-24T07:48:17+00:00","dateModified":"2026-04-30T09:24:23+00:00","description":"RegioPflegedienst Klaus Klee aus M\u00fcllheim steht f\u00fcr zuverl\u00e4ssige ambulante Pflege und professionelle Unterst\u00fctzung im Alltag.","breadcrumb":{"@id":"https:\/\/www.pflegedienst-klee.de\/#breadcrumb"},"inLanguage":"de","potentialAction":[{"@type":"ReadAction","target":["https:\/\/www.pflegedienst-klee.de\/"]}]},{"@type":"ImageObject","inLanguage":"de","@id":"https:\/\/www.pflegedienst-klee.de\/#primaryimage","url":"https:\/\/www.pflegedienst-klee.de\/wp-content\/uploads\/2025\/12\/klee-logo-2.jpg","contentUrl":"https:\/\/www.pflegedienst-klee.de\/wp-content\/uploads\/2025\/12\/klee-logo-2.jpg","width":2048,"height":2048},{"@type":"BreadcrumbList","@id":"https:\/\/www.pflegedienst-klee.de\/#breadcrumb","itemListElement":[{"@type":"ListItem","position":1,"name":"Startseite","item":"https:\/\/www.pflegedienst-klee.de\/"},{"@type":"ListItem","position":2,"name":"RegioPflegedienst Klaus Klee"}]},{"@type":"WebSite","@id":"https:\/\/www.pflegedienst-klee.de\/#website","url":"https:\/\/www.pflegedienst-klee.de\/","name":"RegioPflegedienst Klaus Klee GmbH","description":"Ihr Pflegedienst im Markgr\u00e4flerland","publisher":{"@id":"https:\/\/www.pflegedienst-klee.de\/#organization"},"potentialAction":[{"@type":"SearchAction","target":{"@type":"EntryPoint","urlTemplate":"https:\/\/www.pflegedienst-klee.de\/?s={search_term_string}"},"query-input":{"@type":"PropertyValueSpecification","valueRequired":true,"valueName":"search_term_string"}}],"inLanguage":"de"},{"@type":"Organization","@id":"https:\/\/www.pflegedienst-klee.de\/#organization","name":"RegioPflegedienst Klaus Klee GmbH","url":"https:\/\/www.pflegedienst-klee.de\/","logo":{"@type":"ImageObject","inLanguage":"de","@id":"https:\/\/www.pflegedienst-klee.de\/#\/schema\/logo\/image\/","url":"https:\/\/www.pflegedienst-klee.de\/wp-content\/uploads\/2025\/12\/cropped-klee-logo-2.jpg","contentUrl":"https:\/\/www.pflegedienst-klee.de\/wp-content\/uploads\/2025\/12\/cropped-klee-logo-2.jpg","width":2045,"height":865,"caption":"RegioPflegedienst Klaus Klee GmbH"},"image":{"@id":"https:\/\/www.pflegedienst-klee.de\/#\/schema\/logo\/image\/"},"sameAs":["https:\/\/www.facebook.com\/profile.php?id=61558055976485","https:\/\/www.instagram.com\/regiopflegedienst_klee\/","https:\/\/www.youtube.com\/@regiopflegedienst_klee","https:\/\/www.tiktok.com\/@regiopflegedienst_klee"]}]}},"_links":{"self":[{"href":"https:\/\/www.pflegedienst-klee.de\/wp-json\/wp\/v2\/pages\/10","targetHints":{"allow":["GET"]}}],"collection":[{"href":"https:\/\/www.pflegedienst-klee.de\/wp-json\/wp\/v2\/pages"}],"about":[{"href":"https:\/\/www.pflegedienst-klee.de\/wp-json\/wp\/v2\/types\/page"}],"author":[{"embeddable":true,"href":"https:\/\/www.pflegedienst-klee.de\/wp-json\/wp\/v2\/users\/2"}],"replies":[{"embeddable":true,"href":"https:\/\/www.pflegedienst-klee.de\/wp-json\/wp\/v2\/comments?post=10"}],"version-history":[{"count":3,"href":"https:\/\/www.pflegedienst-klee.de\/wp-json\/wp\/v2\/pages\/10\/revisions"}],"predecessor-version":[{"id":2229,"href":"https:\/\/www.pflegedienst-klee.de\/wp-json\/wp\/v2\/pages\/10\/revisions\/2229"}],"wp:featuredmedia":[{"embeddable":true,"href":"https:\/\/www.pflegedienst-klee.de\/wp-json\/wp\/v2\/media\/1121"}],"wp:attachment":[{"href":"https:\/\/www.pflegedienst-klee.de\/wp-json\/wp\/v2\/media?parent=10"}],"curies":[{"name":"wp","href":"https:\/\/api.w.org\/{rel}","templated":true}]}}